{"id":9524,"date":"2026-03-04T17:25:55","date_gmt":"2026-03-04T17:25:55","guid":{"rendered":"https:\/\/eticamedia.eu\/?post_type=product&#038;p=9524"},"modified":"2026-04-19T20:32:41","modified_gmt":"2026-04-19T20:32:41","slug":"vom-krieg-zur-weltordnung","status":"publish","type":"product","link":"https:\/\/eticamedia.eu\/en\/product\/vom-krieg-zur-weltordnung\/","title":{"rendered":"Vom Krieg zur Weltordnung"},"content":{"rendered":"<p><strong>Kriege entstehen nicht zuf\u00e4llig.<\/strong><br \/>\n<strong>Sie folgen Mustern.<\/strong><\/p>\n<p><em>Vom Krieg zur Weltordnung<\/em> versammelt die zentralen Reden und Essays <strong>Wolfgang Effenbergers<\/strong> der Jahre 2009 bis 2026 mit weitf\u00fchrenden Schlussfolgerungen. Was zun\u00e4chst wie einzelne Krisen erschien, zeigt sich hier als Muster: Strategische Planungen, geopolitische Interessen und politische Narrative greifen ineinander und bereiten Konflikte vor \u2013 lange bevor sie offen ausbrechen.<\/p>\n<p>Ausgehend von den historischen Erfahrungen des 20. Jahrhunderts analysiert das Effenberger die gegenw\u00e4rtige Weltlage als Teil einer gr\u00f6\u00dferen Entwicklung. Er verbindet historische Tiefensch\u00e4rfe mit aktueller Zeitdiagnose und fragt, welche Ordnung aus heutigen Konflikten hervorgeht.<\/p>\n<p>Eine brisante Gesamtschau unserer Epoche \u2013 und ein Pl\u00e4doyer daf\u00fcr, aus der Vergangenheit Erkenntnisse f\u00fcr eine friedlichere Zukunft zu gewinnen.<\/p>\n<p>Mit einem Vorwort von Prof. Dr. Michael Meyen.<\/p>\n<p>Vorbestellbar. Erscheint voraussichtlich am 02.06.2026.<\/p>\n<p>ISBN: 978 9 08352 597 6.<\/p>","protected":false},"excerpt":{"rendered":"<p><strong>Kriege entstehen nicht zuf\u00e4llig.<\/strong><br \/>\n<strong>Sie folgen Mustern.<\/strong><\/p>","protected":false},"featured_media":9530,"comment_status":"open","ping_status":"closed","template":"","meta":{"_acf_changed":false,"_et_pb_use_builder":"","_et_pb_old_content":"","_et_gb_content_width":"","pmpro_default_level":"","jetpack_publicize_message":"","jetpack_publicize_feature_enabled":true,"jetpack_social_post_already_shared":true,"jetpack_social_options":{"image_generator_settings":{"template":"highway","default_image_id":0,"font":"","enabled":false},"version":2}},"product_brand":[],"product_cat":[46,48,38,47],"product_tag":[219],"class_list":{"0":"post-9524","1":"product","2":"type-product","3":"status-publish","4":"has-post-thumbnail","6":"product_cat-sachbuecher","7":"product_cat-bestseller","8":"product_cat-das-mutige","9":"product_cat-neuheiten","10":"product_tag-wolfgang-effenberger","11":"pmpro-has-access","13":"first","14":"onbackorder","15":"taxable","16":"shipping-taxable","17":"purchasable","18":"product-type-simple"},"acf":[],"jetpack_publicize_connections":[],"jetpack_sharing_enabled":true,"_links":{"self":[{"href":"https:\/\/eticamedia.eu\/en\/wp-json\/wp\/v2\/product\/9524","targetHints":{"allow":["GET"]}}],"collection":[{"href":"https:\/\/eticamedia.eu\/en\/wp-json\/wp\/v2\/product"}],"about":[{"href":"https:\/\/eticamedia.eu\/en\/wp-json\/wp\/v2\/types\/product"}],"replies":[{"embeddable":true,"href":"https:\/\/eticamedia.eu\/en\/wp-json\/wp\/v2\/comments?post=9524"}],"wp:featuredmedia":[{"embeddable":true,"href":"https:\/\/eticamedia.eu\/en\/wp-json\/wp\/v2\/media\/9530"}],"wp:attachment":[{"href":"https:\/\/eticamedia.eu\/en\/wp-json\/wp\/v2\/media?parent=9524"}],"wp:term":[{"taxonomy":"product_brand","embeddable":true,"href":"https:\/\/eticamedia.eu\/en\/wp-json\/wp\/v2\/product_brand?post=9524"},{"taxonomy":"product_cat","embeddable":true,"href":"https:\/\/eticamedia.eu\/en\/wp-json\/wp\/v2\/product_cat?post=9524"},{"taxonomy":"product_tag","embeddable":true,"href":"https:\/\/eticamedia.eu\/en\/wp-json\/wp\/v2\/product_tag?post=9524"}],"curies":[{"name":"wp","href":"https:\/\/api.w.org\/{rel}","templated":true}]}}